{"id":9442,"date":"2023-12-18T09:59:09","date_gmt":"2023-12-18T08:59:09","guid":{"rendered":"https:\/\/www.hrprofiaufzeit.ch\/?post_type=team&#038;p=9442"},"modified":"2024-03-27T11:19:14","modified_gmt":"2024-03-27T10:19:14","slug":"liliana-tome","status":"publish","type":"team","link":"https:\/\/www.hrprofiaufzeit.ch\/fr\/team\/liliana-tome\/","title":{"rendered":"Liliana Tom\u00e9"},"content":{"rendered":"<p>Pour d\u00e9crocher la maturit\u00e9 professionnelle \u00e0 l\u2019Ecole Sup\u00e9rieure de Commerce de La Neuveville, Liliana a effectu\u00e9 un stage en ressources humaines au sein du D\u00e9partement f\u00e9d\u00e9ral des affaires \u00e9trang\u00e8res. Elle a ensuite acquis le brevet f\u00e9d\u00e9ral en tant que sp\u00e9cialiste RH, avec option gestion du personnel en entreprise. Actuellement, en parall\u00e8le \u00e0 son activit\u00e9 professionnelle, Liliana \u00e9tudie \u00e0 la Haute \u00e9cole sp\u00e9cialis\u00e9e du nord-ouest de la Suisse (FHNW) afin d\u2019obtenir le Bachelor en psychologie du travail, des organisations et du personnel.<\/p>\n<p>Liliana dispose de plus de 10 ans d\u2019exp\u00e9rience RH dans divers postes au sein de l\u2019administration f\u00e9d\u00e9rale, de multinationales et de PME en Suisse romande ainsi qu\u2019en Suisse al\u00e9manique. A titre de sp\u00e9cialiste RH ad interim, elle intervient d\u00e9sormais pour Avenir aupr\u00e8s de divers clients. Elle peut ainsi mettre \u00e0 profit son esprit d\u2019analyse et son int\u00e9r\u00eat marqu\u00e9 pour les structures et les processus des entreprises, de m\u00eame que pour l\u2019\u00eatre humain.<\/p>\n","protected":false},"featured_media":9365,"template":"","class_list":["post-9442","team","type-team","status-publish","has-post-thumbnail","hentry","sprache-deutsch","sprache-englisch","sprache-franzoesisch","sprache-italienisch"],"acf":[],"yoast_head":"<!-- This site is optimized with the Yoast SEO plugin v27.5 - https:\/\/yoast.com\/product\/yoast-seo-wordpress\/ -->\n<title>Liliana Tom\u00e9 &#8211; Avenir Group<\/title>\n<meta name=\"robots\" content=\"index, follow, max-snippet:-1, max-image-preview:large, max-video-preview:-1\" \/>\n<link rel=\"canonical\" href=\"https:\/\/www.hrprofiaufzeit.ch\/fr\/team\/liliana-tome\/\" \/>\n<meta property=\"og:locale\" content=\"fr_FR\" \/>\n<meta property=\"og:type\" content=\"article\" \/>\n<meta property=\"og:title\" content=\"Liliana Tom\u00e9 &#8211; Avenir Group\" \/>\n<meta property=\"og:description\" content=\"Pour d\u00e9crocher la maturit\u00e9 professionnelle \u00e0 l\u2019Ecole Sup\u00e9rieure de Commerce de La Neuveville, Liliana a effectu\u00e9 un stage en ressources humaines au sein du D\u00e9partement f\u00e9d\u00e9ral des affaires \u00e9trang\u00e8res. Elle a ensuite acquis le brevet f\u00e9d\u00e9ral en tant que sp\u00e9cialiste RH, avec option gestion du personnel en entreprise. Actuellement, en parall\u00e8le \u00e0 son activit\u00e9 professionnelle,... weiterlesen\" \/>\n<meta property=\"og:url\" content=\"https:\/\/www.hrprofiaufzeit.ch\/fr\/team\/liliana-tome\/\" \/>\n<meta property=\"og:site_name\" content=\"Avenir Group\" \/>\n<meta property=\"article:publisher\" content=\"https:\/\/www.facebook.com\/avenirgroup\" \/>\n<meta property=\"article:modified_time\" content=\"2024-03-27T10:19:14+00:00\" \/>\n<meta property=\"og:image\" content=\"https:\/\/www.hrprofiaufzeit.ch\/wp-content\/uploads\/Figuero-Liliana-Portraits-Quadrat-Web.jpg\" \/>\n\t<meta property=\"og:image:width\" content=\"1500\" \/>\n\t<meta property=\"og:image:height\" content=\"1500\" \/>\n\t<meta property=\"og:image:type\" content=\"image\/jpeg\" \/>\n<meta name=\"twitter:card\" content=\"summary_large_image\" \/>\n<meta name=\"twitter:site\" content=\"@avenirgroup\" \/>\n<meta name=\"twitter:label1\" content=\"Dur\u00e9e de lecture estim\u00e9e\" \/>\n\t<meta name=\"twitter:data1\" content=\"1 minute\" \/>\n<script type=\"application\/ld+json\" class=\"yoast-schema-graph\">{\"@context\":\"https:\\\/\\\/schema.org\",\"@graph\":[{\"@type\":\"WebPage\",\"@id\":\"https:\\\/\\\/www.hrprofiaufzeit.ch\\\/fr\\\/team\\\/liliana-tome\\\/\",\"url\":\"https:\\\/\\\/www.hrprofiaufzeit.ch\\\/fr\\\/team\\\/liliana-tome\\\/\",\"name\":\"Liliana Tom\u00e9 &#8211; Avenir Group\",\"isPartOf\":{\"@id\":\"https:\\\/\\\/www.hrprofiaufzeit.ch\\\/fr\\\/#website\"},\"primaryImageOfPage\":{\"@id\":\"https:\\\/\\\/www.hrprofiaufzeit.ch\\\/fr\\\/team\\\/liliana-tome\\\/#primaryimage\"},\"image\":{\"@id\":\"https:\\\/\\\/www.hrprofiaufzeit.ch\\\/fr\\\/team\\\/liliana-tome\\\/#primaryimage\"},\"thumbnailUrl\":\"https:\\\/\\\/www.hrprofiaufzeit.ch\\\/wp-content\\\/uploads\\\/Figuero-Liliana-Portraits-Quadrat-Web.jpg\",\"datePublished\":\"2023-12-18T08:59:09+00:00\",\"dateModified\":\"2024-03-27T10:19:14+00:00\",\"breadcrumb\":{\"@id\":\"https:\\\/\\\/www.hrprofiaufzeit.ch\\\/fr\\\/team\\\/liliana-tome\\\/#breadcrumb\"},\"inLanguage\":\"fr-FR\",\"potentialAction\":[{\"@type\":\"ReadAction\",\"target\":[\"https:\\\/\\\/www.hrprofiaufzeit.ch\\\/fr\\\/team\\\/liliana-tome\\\/\"]}]},{\"@type\":\"ImageObject\",\"inLanguage\":\"fr-FR\",\"@id\":\"https:\\\/\\\/www.hrprofiaufzeit.ch\\\/fr\\\/team\\\/liliana-tome\\\/#primaryimage\",\"url\":\"https:\\\/\\\/www.hrprofiaufzeit.ch\\\/wp-content\\\/uploads\\\/Figuero-Liliana-Portraits-Quadrat-Web.jpg\",\"contentUrl\":\"https:\\\/\\\/www.hrprofiaufzeit.ch\\\/wp-content\\\/uploads\\\/Figuero-Liliana-Portraits-Quadrat-Web.jpg\",\"width\":1500,\"height\":1500},{\"@type\":\"BreadcrumbList\",\"@id\":\"https:\\\/\\\/www.hrprofiaufzeit.ch\\\/fr\\\/team\\\/liliana-tome\\\/#breadcrumb\",\"itemListElement\":[{\"@type\":\"ListItem\",\"position\":1,\"name\":\"Home\",\"item\":\"https:\\\/\\\/www.hrprofiaufzeit.ch\\\/fr\\\/\"},{\"@type\":\"ListItem\",\"position\":2,\"name\":\"Liliana Tom\u00e9\"}]},{\"@type\":\"WebSite\",\"@id\":\"https:\\\/\\\/www.hrprofiaufzeit.ch\\\/fr\\\/#website\",\"url\":\"https:\\\/\\\/www.hrprofiaufzeit.ch\\\/fr\\\/\",\"name\":\"Avenir Group\",\"description\":\"Nous promouvons ensemble les personnes et les organisations.\",\"publisher\":{\"@id\":\"https:\\\/\\\/www.hrprofiaufzeit.ch\\\/fr\\\/#organization\"},\"potentialAction\":[{\"@type\":\"SearchAction\",\"target\":{\"@type\":\"EntryPoint\",\"urlTemplate\":\"https:\\\/\\\/www.hrprofiaufzeit.ch\\\/fr\\\/?s={search_term_string}\"},\"query-input\":{\"@type\":\"PropertyValueSpecification\",\"valueRequired\":true,\"valueName\":\"search_term_string\"}}],\"inLanguage\":\"fr-FR\"},{\"@type\":\"Organization\",\"@id\":\"https:\\\/\\\/www.hrprofiaufzeit.ch\\\/fr\\\/#organization\",\"name\":\"Avenir Group\",\"url\":\"https:\\\/\\\/www.hrprofiaufzeit.ch\\\/fr\\\/\",\"logo\":{\"@type\":\"ImageObject\",\"inLanguage\":\"fr-FR\",\"@id\":\"https:\\\/\\\/www.hrprofiaufzeit.ch\\\/fr\\\/#\\\/schema\\\/logo\\\/image\\\/\",\"url\":\"https:\\\/\\\/www.avenirgroup.ch\\\/wp-content\\\/uploads\\\/avenir.png\",\"contentUrl\":\"https:\\\/\\\/www.avenirgroup.ch\\\/wp-content\\\/uploads\\\/avenir.png\",\"width\":500,\"height\":191,\"caption\":\"Avenir Group\"},\"image\":{\"@id\":\"https:\\\/\\\/www.hrprofiaufzeit.ch\\\/fr\\\/#\\\/schema\\\/logo\\\/image\\\/\"},\"sameAs\":[\"https:\\\/\\\/www.facebook.com\\\/avenirgroup\",\"https:\\\/\\\/x.com\\\/avenirgroup\",\"https:\\\/\\\/www.linkedin.com\\\/company\\\/avenirgroup\",\"https:\\\/\\\/www.youtube.com\\\/channel\\\/UCSsjNOO3GSDq1LChWFv1GBQ\"]}]}<\/script>\n<!-- \/ Yoast SEO plugin. -->","yoast_head_json":{"title":"Liliana Tom\u00e9 &#8211; Avenir Group","robots":{"index":"index","follow":"follow","max-snippet":"max-snippet:-1","max-image-preview":"max-image-preview:large","max-video-preview":"max-video-preview:-1"},"canonical":"https:\/\/www.hrprofiaufzeit.ch\/fr\/team\/liliana-tome\/","og_locale":"fr_FR","og_type":"article","og_title":"Liliana Tom\u00e9 &#8211; Avenir Group","og_description":"Pour d\u00e9crocher la maturit\u00e9 professionnelle \u00e0 l\u2019Ecole Sup\u00e9rieure de Commerce de La Neuveville, Liliana a effectu\u00e9 un stage en ressources humaines au sein du D\u00e9partement f\u00e9d\u00e9ral des affaires \u00e9trang\u00e8res. Elle a ensuite acquis le brevet f\u00e9d\u00e9ral en tant que sp\u00e9cialiste RH, avec option gestion du personnel en entreprise. Actuellement, en parall\u00e8le \u00e0 son activit\u00e9 professionnelle,... weiterlesen","og_url":"https:\/\/www.hrprofiaufzeit.ch\/fr\/team\/liliana-tome\/","og_site_name":"Avenir Group","article_publisher":"https:\/\/www.facebook.com\/avenirgroup","article_modified_time":"2024-03-27T10:19:14+00:00","og_image":[{"width":1500,"height":1500,"url":"https:\/\/www.hrprofiaufzeit.ch\/wp-content\/uploads\/Figuero-Liliana-Portraits-Quadrat-Web.jpg","type":"image\/jpeg"}],"twitter_card":"summary_large_image","twitter_site":"@avenirgroup","twitter_misc":{"Dur\u00e9e de lecture estim\u00e9e":"1 minute"},"schema":{"@context":"https:\/\/schema.org","@graph":[{"@type":"WebPage","@id":"https:\/\/www.hrprofiaufzeit.ch\/fr\/team\/liliana-tome\/","url":"https:\/\/www.hrprofiaufzeit.ch\/fr\/team\/liliana-tome\/","name":"Liliana Tom\u00e9 &#8211; Avenir Group","isPartOf":{"@id":"https:\/\/www.hrprofiaufzeit.ch\/fr\/#website"},"primaryImageOfPage":{"@id":"https:\/\/www.hrprofiaufzeit.ch\/fr\/team\/liliana-tome\/#primaryimage"},"image":{"@id":"https:\/\/www.hrprofiaufzeit.ch\/fr\/team\/liliana-tome\/#primaryimage"},"thumbnailUrl":"https:\/\/www.hrprofiaufzeit.ch\/wp-content\/uploads\/Figuero-Liliana-Portraits-Quadrat-Web.jpg","datePublished":"2023-12-18T08:59:09+00:00","dateModified":"2024-03-27T10:19:14+00:00","breadcrumb":{"@id":"https:\/\/www.hrprofiaufzeit.ch\/fr\/team\/liliana-tome\/#breadcrumb"},"inLanguage":"fr-FR","potentialAction":[{"@type":"ReadAction","target":["https:\/\/www.hrprofiaufzeit.ch\/fr\/team\/liliana-tome\/"]}]},{"@type":"ImageObject","inLanguage":"fr-FR","@id":"https:\/\/www.hrprofiaufzeit.ch\/fr\/team\/liliana-tome\/#primaryimage","url":"https:\/\/www.hrprofiaufzeit.ch\/wp-content\/uploads\/Figuero-Liliana-Portraits-Quadrat-Web.jpg","contentUrl":"https:\/\/www.hrprofiaufzeit.ch\/wp-content\/uploads\/Figuero-Liliana-Portraits-Quadrat-Web.jpg","width":1500,"height":1500},{"@type":"BreadcrumbList","@id":"https:\/\/www.hrprofiaufzeit.ch\/fr\/team\/liliana-tome\/#breadcrumb","itemListElement":[{"@type":"ListItem","position":1,"name":"Home","item":"https:\/\/www.hrprofiaufzeit.ch\/fr\/"},{"@type":"ListItem","position":2,"name":"Liliana Tom\u00e9"}]},{"@type":"WebSite","@id":"https:\/\/www.hrprofiaufzeit.ch\/fr\/#website","url":"https:\/\/www.hrprofiaufzeit.ch\/fr\/","name":"Avenir Group","description":"Nous promouvons ensemble les personnes et les organisations.","publisher":{"@id":"https:\/\/www.hrprofiaufzeit.ch\/fr\/#organization"},"potentialAction":[{"@type":"SearchAction","target":{"@type":"EntryPoint","urlTemplate":"https:\/\/www.hrprofiaufzeit.ch\/fr\/?s={search_term_string}"},"query-input":{"@type":"PropertyValueSpecification","valueRequired":true,"valueName":"search_term_string"}}],"inLanguage":"fr-FR"},{"@type":"Organization","@id":"https:\/\/www.hrprofiaufzeit.ch\/fr\/#organization","name":"Avenir Group","url":"https:\/\/www.hrprofiaufzeit.ch\/fr\/","logo":{"@type":"ImageObject","inLanguage":"fr-FR","@id":"https:\/\/www.hrprofiaufzeit.ch\/fr\/#\/schema\/logo\/image\/","url":"https:\/\/www.avenirgroup.ch\/wp-content\/uploads\/avenir.png","contentUrl":"https:\/\/www.avenirgroup.ch\/wp-content\/uploads\/avenir.png","width":500,"height":191,"caption":"Avenir Group"},"image":{"@id":"https:\/\/www.hrprofiaufzeit.ch\/fr\/#\/schema\/logo\/image\/"},"sameAs":["https:\/\/www.facebook.com\/avenirgroup","https:\/\/x.com\/avenirgroup","https:\/\/www.linkedin.com\/company\/avenirgroup","https:\/\/www.youtube.com\/channel\/UCSsjNOO3GSDq1LChWFv1GBQ"]}]}},"_links":{"self":[{"href":"https:\/\/www.hrprofiaufzeit.ch\/fr\/wp-json\/wp\/v2\/team\/9442","targetHints":{"allow":["GET"]}}],"collection":[{"href":"https:\/\/www.hrprofiaufzeit.ch\/fr\/wp-json\/wp\/v2\/team"}],"about":[{"href":"https:\/\/www.hrprofiaufzeit.ch\/fr\/wp-json\/wp\/v2\/types\/team"}],"version-history":[{"count":2,"href":"https:\/\/www.hrprofiaufzeit.ch\/fr\/wp-json\/wp\/v2\/team\/9442\/revisions"}],"predecessor-version":[{"id":9444,"href":"https:\/\/www.hrprofiaufzeit.ch\/fr\/wp-json\/wp\/v2\/team\/9442\/revisions\/9444"}],"wp:featuredmedia":[{"embeddable":true,"href":"https:\/\/www.hrprofiaufzeit.ch\/fr\/wp-json\/wp\/v2\/media\/9365"}],"wp:attachment":[{"href":"https:\/\/www.hrprofiaufzeit.ch\/fr\/wp-json\/wp\/v2\/media?parent=9442"}],"curies":[{"name":"wp","href":"https:\/\/api.w.org\/{rel}","templated":true}]}}